{"id":1617,"date":"2016-05-06T10:21:22","date_gmt":"2016-05-06T15:21:22","guid":{"rendered":"http:\/\/coreco.org.mx\/wordpress\/?page_id=1617"},"modified":"2024-09-18T10:28:09","modified_gmt":"2024-09-18T16:28:09","slug":"difusion","status":"publish","type":"page","link":"https:\/\/coreco.org.mx\/wordpress\/difusion\/","title":{"rendered":"Difusi\u00f3n"},"content":{"rendered":"<p>&nbsp;<\/p>\n<p>En el camino de la Difusi\u00f3n recuperamos, creamos y difundimos saberes y aprendizajes de diferentes experiencias que aportan a la construcci\u00f3n de la paz.Buscamos visibilizar nuestro trabajo sobre cultura de paz y transformaci\u00f3n positiva de conflictos. As\u00ed como compartir las experiencias de los procesos que acompa\u00f1amos a trav\u00e9s de materiales educativos y de difusi\u00f3n.<\/p>\n<p><strong>Actividades que realizamos:<\/strong><\/p>\n<ol>\n<li>Sistematizaci\u00f3n y difusi\u00f3n de experiencias que favorecen la construcci\u00f3n de alternativas pac\u00edficas a trav\u00e9s de diferentes medios: folletos, c\u00e1psulas, audios, videos y testimonios en diferentes idiomas.<\/li>\n<\/ol>\n<ol start=\"2\">\n<li>Campa\u00f1as de Paz (c\u00e1psulas radiales, calendarios, agendas y otros).<\/li>\n<\/ol>\n<ol start=\"3\">\n<li>Actualizaci\u00f3n de la p\u00e1gina Web.<\/li>\n<\/ol>\n<p>&nbsp;<\/p>\n<p><a href=\"https:\/\/coreco.org.mx\/wordpress\/wp-content\/uploads\/Portada-Manual-Conflicto-FINAL.png\"><img loading=\"lazy\" decoding=\"async\" class=\"wp-image-2423 alignleft\" src=\"https:\/\/coreco.org.mx\/wordpress\/wp-content\/uploads\/Portada-Manual-Conflicto-FINAL.png\" alt=\"\" width=\"273\" height=\"331\" srcset=\"https:\/\/coreco.org.mx\/wordpress\/wp-content\/uploads\/Portada-Manual-Conflicto-FINAL.png 2100w, https:\/\/coreco.org.mx\/wordpress\/wp-content\/uploads\/Portada-Manual-Conflicto-FINAL-247x300.png 247w, https:\/\/coreco.org.mx\/wordpress\/wp-content\/uploads\/Portada-Manual-Conflicto-FINAL-843x1024.png 843w, https:\/\/coreco.org.mx\/wordpress\/wp-content\/uploads\/Portada-Manual-Conflicto-FINAL-1265x1536.png 1265w, https:\/\/coreco.org.mx\/wordpress\/wp-content\/uploads\/Portada-Manual-Conflicto-FINAL-1687x2048.png 1687w\" sizes=\"auto, (max-width: 273px) 100vw, 273px\" \/><\/a><\/p>\n<p><img loading=\"lazy\" decoding=\"async\" class=\"wp-image-540 alignleft\" src=\"https:\/\/coreco.org.mx\/wordpress\/wp-content\/uploads\/2009\/10\/portada-cuaderno7-212x300.jpg\" alt=\"portada-cuaderno7\" width=\"239\" height=\"338\" srcset=\"https:\/\/coreco.org.mx\/wordpress\/wp-content\/uploads\/2009\/10\/portada-cuaderno7-212x300.jpg 212w, https:\/\/coreco.org.mx\/wordpress\/wp-content\/uploads\/2009\/10\/portada-cuaderno7-725x1024.jpg 725w, https:\/\/coreco.org.mx\/wordpress\/wp-content\/uploads\/2009\/10\/portada-cuaderno7.jpg 820w\" sizes=\"auto, (max-width: 239px) 100vw, 239px\" \/><\/p>\n<p><img loading=\"lazy\" decoding=\"async\" class=\" wp-image-534 alignleft\" src=\"https:\/\/coreco.org.mx\/wordpress\/wp-content\/uploads\/2009\/10\/portada-cuaderno1-194x300.jpg\" alt=\"portada-cuaderno1\" width=\"216\" height=\"334\" srcset=\"https:\/\/coreco.org.mx\/wordpress\/wp-content\/uploads\/2009\/10\/portada-cuaderno1-194x300.jpg 194w, https:\/\/coreco.org.mx\/wordpress\/wp-content\/uploads\/2009\/10\/portada-cuaderno1-662x1024.jpg 662w, https:\/\/coreco.org.mx\/wordpress\/wp-content\/uploads\/2009\/10\/portada-cuaderno1.jpg 825w\" sizes=\"auto, (max-width: 216px) 100vw, 216px\" \/><img loading=\"lazy\" decoding=\"async\" class=\" wp-image-536 alignleft\" src=\"https:\/\/coreco.org.mx\/wordpress\/wp-content\/uploads\/2009\/10\/portada-cuaderno3-215x300.jpg\" alt=\"portada-cuaderno3\" width=\"245\" height=\"341\" srcset=\"https:\/\/coreco.org.mx\/wordpress\/wp-content\/uploads\/2009\/10\/portada-cuaderno3-215x300.jpg 215w, https:\/\/coreco.org.mx\/wordpress\/wp-content\/uploads\/2009\/10\/portada-cuaderno3-735x1024.jpg 735w, https:\/\/coreco.org.mx\/wordpress\/wp-content\/uploads\/2009\/10\/portada-cuaderno3.jpg 812w\" sizes=\"auto, (max-width: 245px) 100vw, 245px\" \/><img loading=\"lazy\" decoding=\"async\" class=\"wp-image-538 alignleft\" src=\"https:\/\/coreco.org.mx\/wordpress\/wp-content\/uploads\/2009\/10\/portada-cuaderno5-231x300.jpg\" alt=\"portada-cuaderno5\" width=\"260\" height=\"337\" srcset=\"https:\/\/coreco.org.mx\/wordpress\/wp-content\/uploads\/2009\/10\/portada-cuaderno5-231x300.jpg 231w, https:\/\/coreco.org.mx\/wordpress\/wp-content\/uploads\/2009\/10\/portada-cuaderno5-791x1024.jpg 791w, https:\/\/coreco.org.mx\/wordpress\/wp-content\/uploads\/2009\/10\/portada-cuaderno5.jpg 816w\" sizes=\"auto, (max-width: 260px) 100vw, 260px\" \/><\/p>\n","protected":false},"excerpt":{"rendered":"<p>&nbsp; En el camino de la Difusi\u00f3n recuperamos, creamos y difundimos saberes y aprendizajes de diferentes experiencias que aportan a la construcci\u00f3n de la paz.Buscamos visibilizar nuestro trabajo sobre cultura de paz y transformaci\u00f3n positiva de conflictos. As\u00ed como compartir las experiencias de los procesos que acompa\u00f1amos a trav\u00e9s de materiales educativos y de difusi\u00f3n. Actividades que realizamos: Sistematizaci\u00f3n y difusi\u00f3n de experiencias que favorecen la construcci\u00f3n de alternativas pac\u00edficas a trav\u00e9s de diferentes medios: folletos, c\u00e1psulas, audios, videos y testimonios en diferentes idiomas. Campa\u00f1as de Paz (c\u00e1psulas radiales, calendarios, agendas y otros). Actualizaci\u00f3n de la p\u00e1gina Web. &nbsp;<\/p>\n","protected":false},"author":1,"featured_media":0,"parent":0,"menu_order":0,"comment_status":"closed","ping_status":"closed","template":"","meta":{"footnotes":""},"class_list":["post-1617","page","type-page","status-publish","hentry"],"_links":{"self":[{"href":"https:\/\/coreco.org.mx\/wordpress\/wp-json\/wp\/v2\/pages\/1617","targetHints":{"allow":["GET"]}}],"collection":[{"href":"https:\/\/coreco.org.mx\/wordpress\/wp-json\/wp\/v2\/pages"}],"about":[{"href":"https:\/\/coreco.org.mx\/wordpress\/wp-json\/wp\/v2\/types\/page"}],"author":[{"embeddable":true,"href":"https:\/\/coreco.org.mx\/wordpress\/wp-json\/wp\/v2\/users\/1"}],"replies":[{"embeddable":true,"href":"https:\/\/coreco.org.mx\/wordpress\/wp-json\/wp\/v2\/comments?post=1617"}],"version-history":[{"count":10,"href":"https:\/\/coreco.org.mx\/wordpress\/wp-json\/wp\/v2\/pages\/1617\/revisions"}],"predecessor-version":[{"id":2427,"href":"https:\/\/coreco.org.mx\/wordpress\/wp-json\/wp\/v2\/pages\/1617\/revisions\/2427"}],"wp:attachment":[{"href":"https:\/\/coreco.org.mx\/wordpress\/wp-json\/wp\/v2\/media?parent=1617"}],"curies":[{"name":"wp","href":"https:\/\/api.w.org\/{rel}","templated":true}]}}